{"id":1254,"date":"2016-02-12T08:11:05","date_gmt":"2016-02-12T08:11:05","guid":{"rendered":"http:\/\/demos.famethemes.com\/onepress\/?page_id=22"},"modified":"2024-08-27T12:25:23","modified_gmt":"2024-08-27T12:25:23","slug":"linea-de-tiempo","status":"publish","type":"page","link":"http:\/\/ania.org.ar\/wp\/linea-de-tiempo\/","title":{"rendered":"L\u00ednea de tiempo"},"content":{"rendered":"<p>A principios del a\u00f1o 2008, un grupo de padres nos comenzamos a reunir con el objetivo de trabajar juntos en la b\u00fasqueda de respuestas que por separado no obten\u00edamos. Comenzamos una etapa de mucho trabajo donde nuestra organizaci\u00f3n, compromiso y voluntad tuvo un efecto multiplicador en la sociedad tucumana y se vio reconfortada por el apoyo recibido desde el Estado Provincial y Municipal, las empresas, amigos y los medios de comunicaci\u00f3n.<\/p>\n<p>Este proceso demostr\u00f3 que con el apoyo del Estado, la organizaci\u00f3n y voluntad de los padres y el compromiso de los profesionales, se pueden potenciar todas nuestras capacidades y alcanzar los mejores resultados. San Mart\u00edn de Porres &#8211; Tucum\u00e1n es el resultado de esta alianza exitosa.<\/p>\n<p><strong>Noviembre de 2006<\/strong> Durante el I Congreso Internacional de Autismo, el matrimonio Ruiz-Molina participa de un taller brindado por la Dra. Ruth Sullivan (fundadora de Autism Society of America) donde interrog\u00f3 a los padres con una pregunta: <em>Qu\u00e9 est\u00e1n haciendo por el futuro de sus hijos? <\/em>Esa pregunta qued\u00f3 dando vueltas en la cabeza de Myriam y Daniel, sobre todo porque no ten\u00edan una respuesta satisfactoria.<\/p>\n<p><strong>Junio de 2007<\/strong> Viajan a Buenos Aires para conocer las instalaciones y el trabajo de San Mart\u00edn de Porres. All\u00ed se interiorizan de los programas de atenci\u00f3n e intervenci\u00f3n, la organizaci\u00f3n y los alcances de la tarea.<\/p>\n<p><strong>Noviembre de 2008<\/strong> Se constituye la Fundaci\u00f3n Ayuda para los Ni\u00f1os con Autismo (A.Ni.A.).<\/p>\n<p><strong>Diciembre de 2008<\/strong> Por Resoluci\u00f3n N\u00ba 401\/08 de la Direcci\u00f3n de Personas Jur\u00eddicas, se aprueba el Acta Constitutiva y los Estatutos de la Fundaci\u00f3n, reconociendo su car\u00e1cter de Persona Jur\u00eddica.<\/p>\n<p><strong>Marzo de 2009<\/strong> Se dan inicios a las obras de refacci\u00f3n y ampliaci\u00f3n del predio (entregado en comadato sin cargo a la Fundaci\u00f3n) donde actualmente se emplaza San Mart\u00edn de Porres &#8211; Tucum\u00e1n.<\/p>\n<p><strong>Noviembre de 2009<\/strong> Se firma el Convenio de Cooperaci\u00f3n entre la Fundaci\u00f3n A.Ni.A. y la Cooperativa de Provisi\u00f3n de Servicios de Salud San Mart\u00edn de Porres. Alianza que pondr\u00e1 en marcha los servicios psicoeducativos para las familias.<\/p>\n<p><strong>Junio de 2010<\/strong> A trav\u00e9s de la Resoluci\u00f3n N\u00ba 086\/DFSS\/2010, el Departamento de Fiscalizaci\u00f3n de Servicios de Salud, dependiente del Sistema Provincial de Salud de la Provincia de Tucum\u00e1n, autoriza y habilita el Centro Educativo Terap\u00e9utico San Mart\u00edn de Porres &#8211; Tucum\u00e1n.<\/p>\n<p><strong>Junio de 2010<\/strong> Se inaugura el Centro Educativo Terap\u00e9utico San Mart\u00edn de Porres con la presencia de las familias, funcionarios provinciales y municipales e integrantes de la sociedad civil.<\/p>\n<p><strong>Agosto de 2010<\/strong> La Junta de Evaluaci\u00f3n de Discapacidad y Categorizaci\u00f3n de Prestadores, incluye en el Registro Nacional de Prestadores al Centro Educativo Terap\u00e9utico (Categor\u00eda A).<\/p>\n<p><strong>Septiembre de 2010<\/strong> Se presenta el I Simposio de Autismo: Comunicaci\u00f3n y cognici\u00f3n dictado por la Dra. Vicky Slonims (Inglaterra).<\/p>\n<p><strong>Marzo de 2011<\/strong> Por intermedio del Ministerio de Salud de la Naci\u00f3n, se recibe la donaci\u00f3n de un veh\u00edculo para facilitar el traslado de los concurrentes.<\/p>\n<p><strong>Diciembre de 2011<\/strong> Se realiza el II Simposio de Autismo: De la comprensi\u00f3n te\u00f3rica a la intervenci\u00f3n educativa dictado por Theo Peeters (B\u00e9lgica) en los salones del Garden Park.<\/p>\n<p><strong>Mayo de 2012<\/strong> El Ministerio de Educaci\u00f3n de la Provincia de Tucum\u00e1n, autoriza el funcionamiento del establecimiento de Educaci\u00f3n P\u00fablica de Gesti\u00f3n Privada, Instituto San Mart\u00edn de Porres.<\/p>\n<p><strong>Mayo 2014<\/strong> En los salones del Hilton Garden Inn se desarrolla el III Simposio de Autismo: Motivaci\u00f3n: interacci\u00f3n y control instruccional, dictado por Steve Ward, MA, BCBA (Estados Unidos).<\/p>\n<p><strong>Septiembre de 2014<\/strong> La Fundaci\u00f3n recibe la donaci\u00f3n de un terreno de 1.000 mts2 y la prioridad de compra de otros 4.000 mts2 linderos al Centro Educativo Terap\u00e9utico para la ampliaci\u00f3n de servicios.<\/p>\n<p><strong>Abril de 2017<\/strong> El Ministerio de Desarrollo Social de la Provincia de Tucum\u00e1n otorga un subsidio para la compra de materiales destinados a la construcci\u00f3n de una vivienda.<\/p>\n<p><strong>Noviembre de 2017<\/strong> Se inician los trabajos de dise\u00f1o, estudios ambientales y proyecci\u00f3n de la ampliaci\u00f3n de servicios del Centro Educativo Terap\u00e9utico &#8211; San Mart\u00edn de Porres &#8211; Tucum\u00e1n.<\/p>\n<p><strong>Abril de 2018<\/strong> Inicio del curso anual Semiolog\u00eda, evaluaci\u00f3n e intervenci\u00f3n en Trastornos del Espectro Autista, dirigido por el Dr. Miguel \u00c1ngel Garc\u00eda Coto (Buenos Aires) que se dicta en el Colegio M\u00e9dico de Tucum\u00e1n.<\/p>\n<p><strong>Mayo de 2018<\/strong> El Instituto de Desarrollo Productivo de Tucum\u00e1n (IDEP) le otorga a la Fundaci\u00f3n A.Ni.A. la Marca Tucum\u00e1n.\u00a0La Marca Tucum\u00e1n es un sello de distinci\u00f3n que se otorga a emprendimientos, productos o servicios tucumanos de calidad y representatividad en la regi\u00f3n y el mundo.<\/p>\n<p><strong>Octubre de 2018<\/strong> Junto a la empresa Rondeau S.R.L. damos inicio a las obras de ampliaci\u00f3n de los servicios actuales (aulas, espacios de trabajo y de recreaci\u00f3n) y la ampliaci\u00f3n de servicios (viviendas residenciales). Una obra de casi 5.000 metros cuadrados que incluye adem\u00e1s Sal\u00f3n de Usos M\u00faltiples, oficinas administrativas y de operaci\u00f3n, estacionamiento, nuevos accesos, etc. Un sue\u00f1o que tambi\u00e9n se construye entre todos!<\/p>\n<p><strong>Octubre de 2018<\/strong> Se firma un convenio de cooperaci\u00f3n con el Colegio San Jos\u00e9 de Calanzans de la ciudad de San Miguel de Tucum\u00e1n. El convenio contempla un trabajo colaborativo de capacitaci\u00f3n y apoyo para fortalecer las redes de inclusi\u00f3n.<\/p>\n<p><strong>Noviembre de 2018<\/strong> Se desarrolla el IV Simposio de Autismo: Estr\u00e9s cr\u00f3nico en las familias en el Centro Cultural Virla (Universidad Nacional de Tucum\u00e1n). Los invitados: Dr. Miguel Garc\u00eda Coto y Lic. Claudio Hunter-Watts se dirigen a los padres brindando una particular mirada sobre el autismo y herramientas pr\u00e1cticas para la supervivencia familiar.<\/p>\n<p><strong>Marzo de 2019<\/strong> Con el inicio de un nuevo Ciclo Lectivo, se da apertura al Servicio de Educaci\u00f3n Integral Secundaria Especial (SEISE).<\/p>\n<p><strong>Abril de 2019<\/strong> Se inicia el Proyecto PUENTES, un programa de inclusi\u00f3n escolar que desarrolla un aula de apoyo dentro del nivel primario para el acompa\u00f1amiento de todos los actores escolares que intervienen en el proceso educativo de personas con autismo.<\/p>\n<p><strong>Octubre de 2019<\/strong> Se desarrolla el V Simposio de Autismo: Ni\u00f1as y Mujeres en el Espectro Autista. Cynthia D&#8217;Agostino, directora cient\u00edfica de MujeresTEA, comparte las \u00faltimas investigaciones sobre las mujeres y la cuesti\u00f3n de g\u00e9nero en el autismo. Se comparte el trabajo de nuestra instituci\u00f3n, brindando apoyos espec\u00edficos para mujeres adolescentes con TEA.<\/p>\n<p><strong>Mayo de 2020<\/strong> San Mart\u00edn de Porres &#8211; Tucum\u00e1n cumple sus primeros diez a\u00f1os y lo celebra con una serie de eventos y actividades virtuales.<\/p>\n<p><strong>Abril de 2021<\/strong> La fundaci\u00f3n ANiA firma un <span class=\"d2edcug0 hpfvmrgz qv66sw1b c1et5uql lr9zc1uh a8c37x1j fe6kdd0r mau55g9w c8b282yb keod5gw0 nxhoafnm aigsh9s9 d3f4x2em iv3no6db jq4qci2q a3bd9o3v b1v8xokw oo9gr5id\" dir=\"auto\">convenio con la C\u00e1tedra Pr\u00e1ctica Cl\u00ednica de la Licenciatura en Terapia Ocupacional de la Universidad del Norte Santo Tom\u00e1s de Aquino (UNSTA) para brindar a los alumnos un espacio de an\u00e1lisis y aplicaci\u00f3n de las ocupaciones como integrantes de nuestro equipo de trabajo.<\/span><\/p>\n<p><strong>Junio de 2021<\/strong> La fundaci\u00f3n ANiA adquiere una pickup Mercedes Benz Sprinter a trav\u00e9s del Comit\u00e9 Coordinador de Programas para Personas con Discapacidad (m\u00e1s conocido como Ley de Cheques) que lleva adelante la Agencia Nacional de Discapacidad.<\/p>\n<p><strong>Noviembre de 2021<\/strong> Se realiza, de forma on line, el VI Simposio de Autismo: Camino hacia un futuro. En forma conjunta con las sedes de San Mart\u00edn de Porres Buenos Aires y Palermo, las exposiciones de la Sra. Myriam Molina (presidenta de la fundaci\u00f3n), Carina Morillo (presidenta de la Fudaci\u00f3n Brincar) y la PhD Mariah Spanglet (Saint Louis, US) reflexionaron sobre la actualidad y las necesidades de las personas adultas con autismo y c\u00f3mo el asocianismo en el camino para la construcci\u00f3n de sus apoyos.<\/p>\n<p><strong>Mayo de 2022<\/strong> Se desarrolla el VII Simposio de Autismo: Ense\u00f1anza de habilidades acad\u00e9micas en ni\u00f1os con TEA. Con la presencia de m\u00e1s de 180 docentes de la provincia, en el Teatro Municipal Rosita \u00c1vila, el logopeda, psic\u00f3logo y presidente de Lovaas Foundation, Victor Rodr\u00edguez (Barcelona, Espa\u00f1a), brinda una exposici\u00f3n sobre t\u00e9cnicas de ense\u00f1anza para la lectoescritura y conceptos matem\u00e1ticos b\u00e1sicos desde el an\u00e1lisis del comportamiento aplicado.<\/p>\n<p><strong>Junio de 2022<\/strong> El Poder Ejecutivo Provincial firma el decreto que otorga, a partir del Ciclo Lectivo 2023, el aporte estatal para el Nivel Primario del Instituto San Mart\u00edn de Porres.<\/p>\n<p><strong>Septiembre de 2023:<\/strong> La VII Carrera Azul &#8211; Un paso por el autismo alcanza los 1.200 corredores. Un r\u00e9cord que se convierte en una marea azul recorriendo la Av. Per\u00f3n de la ciudad de Yerba Buena, transform\u00e1ndose en el evento de visibilizaci\u00f3n y concientizaci\u00f3n sobre el autismo de mayor convocatoria del interior del pa\u00eds.<\/p>\n<p><strong>Mayo de 2024:<\/strong> La Fundaci\u00f3n ANiA presenta, junto a la Secretar\u00eda de Derechos Humanos de la Corte Suprema de Justicia de Tucum\u00e1n, la Gu\u00eda de recomendaciones y buenas pr\u00e1cticas para el acceso a la justicia de personas con autismo. Gu\u00eda que fue elaborada y dise\u00f1ada en forma conjunta a partir de las experiencias y trabajo de mam\u00e1s, pap\u00e1s, profesionales de nuestra instituci\u00f3n y miembros de la secretar\u00eda de DDHH.<\/p>\n","protected":false},"excerpt":{"rendered":"<p>Nullam ut tempor eros. Donec faucibus, velit et imperdiet aliquam, lacus velit luctus urna, vitae porttitor orci libero id felis.<\/p>\n","protected":false},"author":2,"featured_media":1247,"parent":0,"menu_order":0,"comment_status":"closed","ping_status":"closed","template":"","meta":{"footnotes":""},"class_list":["post-1254","page","type-page","status-publish","has-post-thumbnail","hentry"],"_links":{"self":[{"href":"http:\/\/ania.org.ar\/wp\/wp-json\/wp\/v2\/pages\/1254","targetHints":{"allow":["GET"]}}],"collection":[{"href":"http:\/\/ania.org.ar\/wp\/wp-json\/wp\/v2\/pages"}],"about":[{"href":"http:\/\/ania.org.ar\/wp\/wp-json\/wp\/v2\/types\/page"}],"author":[{"embeddable":true,"href":"http:\/\/ania.org.ar\/wp\/wp-json\/wp\/v2\/users\/2"}],"replies":[{"embeddable":true,"href":"http:\/\/ania.org.ar\/wp\/wp-json\/wp\/v2\/comments?post=1254"}],"version-history":[{"count":21,"href":"http:\/\/ania.org.ar\/wp\/wp-json\/wp\/v2\/pages\/1254\/revisions"}],"predecessor-version":[{"id":2185,"href":"http:\/\/ania.org.ar\/wp\/wp-json\/wp\/v2\/pages\/1254\/revisions\/2185"}],"wp:featuredmedia":[{"embeddable":true,"href":"http:\/\/ania.org.ar\/wp\/wp-json\/wp\/v2\/media\/1247"}],"wp:attachment":[{"href":"http:\/\/ania.org.ar\/wp\/wp-json\/wp\/v2\/media?parent=1254"}],"curies":[{"name":"wp","href":"https:\/\/api.w.org\/{rel}","templated":true}]}}